{"id":49,"date":"2024-08-10T20:16:07","date_gmt":"2024-08-10T17:16:07","guid":{"rendered":"https:\/\/www.zagros-centre.org\/tr\/?page_id=49"},"modified":"2025-04-06T05:22:50","modified_gmt":"2025-04-06T02:22:50","slug":"biz-kimiz","status":"publish","type":"page","link":"https:\/\/www.zagros-centre.org\/tr\/biz-kimiz\/","title":{"rendered":"Biz Kimiz?"},"content":{"rendered":"<p style=\"text-align: justify;\">Zagros \u0130nsan Haklar\u0131 Merkezi, 2010 y\u0131l\u0131nda kurulan ve merkezi \u0130svi\u00e7re&#8217;nin Cenevre kentinde bulunan bir sivil toplum kurulu\u015fudur. Temmuz 2021&#8217;den bu yana Birle\u015fmi\u015f Milletler Ekonomik ve Sosyal Konseyi (ECOSOC) nezdinde dan\u0131\u015fman stat\u00fcs\u00fcne sahiptir. Bu stat\u00fc, uluslararas\u0131 d\u00fczeyde insan haklar\u0131n\u0131 savunma kapasitesini g\u00fc\u00e7lendirmi\u015ftir.<\/p>\n<p style=\"text-align: justify;\">\n<p style=\"text-align: justify;\"><strong>Misyonumuz<\/strong><\/p>\n<p style=\"text-align: justify;\">Her bireyin \u0130nsan Haklar\u0131 Evrensel Bildirgesi ve di\u011fer uluslararas\u0131 belgelerde yer alan temel haklardan tam anlam\u0131yla yararland\u0131\u011f\u0131 bir d\u00fcnya hayal ediyoruz. Bu do\u011frultudaki taahh\u00fcd\u00fcm\u00fcz a\u015fa\u011f\u0131daki hedeflerde somutla\u015fmaktad\u0131r:<\/p>\n<ul style=\"text-align: justify;\">\n<li>\u0130nsan haklar\u0131n\u0131n te\u015fviki;<\/li>\n<li>Sosyal kalk\u0131nman\u0131n desteklenmesi;<\/li>\n<li>Toplumsal cinsiyet e\u015fitli\u011finin te\u015fviki;<\/li>\n<li>\u00c7ocuk haklar\u0131n\u0131n savunulmas\u0131;<\/li>\n<li>Yerli halklar\u0131n ve az\u0131nl\u0131klar\u0131n haklar\u0131n\u0131n korunmas\u0131;<\/li>\n<li>\u00d6l\u00fcm cezas\u0131n\u0131n kald\u0131r\u0131lmas\u0131 i\u00e7in m\u00fccadele;<\/li>\n<li>\u00c7evrenin korunmas\u0131n\u0131n te\u015fviki.<\/li>\n<\/ul>\n<p style=\"text-align: justify;\">\n<p style=\"text-align: justify;\"><strong>Faaliyetlerimiz<\/strong><\/p>\n<p style=\"text-align: justify;\">Bu hedeflere ula\u015fmak i\u00e7in Zagros Merkezi a\u015fa\u011f\u0131daki faaliyetleri y\u00fcr\u00fctmektedir:<\/p>\n<ul style=\"text-align: justify;\">\n<li>\u0130nsan haklar\u0131yla ilgili konularda, s\u0131kl\u0131kla di\u011fer kurulu\u015flarla i\u015f birli\u011fi i\u00e7inde konferanslar ve seminerler d\u00fczenlemek;<\/li>\n<li>\u0130nsan haklar\u0131 ihlallerine maruz kalan ma\u011fdurlara y\u00f6nelik yard\u0131m kampanyalar\u0131na kat\u0131lmak;<\/li>\n<li>\u0130nsan haklar\u0131 e\u011fitiminin te\u015fvik edilmesi ve bu konularla ilgili ara\u015ft\u0131rmalara destek vermek;<\/li>\n<li>\u0130nsan haklar\u0131na adanm\u0131\u015f \u00e7e\u015fitli kurulu\u015flarla bilgi al\u0131\u015fveri\u015finde bulunmak ve i\u015f birli\u011fi yapmak.<\/li>\n<\/ul>\n<p style=\"text-align: justify;\">\n<p style=\"text-align: justify;\"><strong>Kaynaklar\u0131m\u0131z<\/strong><\/p>\n<p style=\"text-align: justify;\">Zagros Merkezi herhangi bir kamu s\u00fcbvansiyonu almamaktad\u0131r. Faaliyetlerimiz yaln\u0131zca \u00fcyelerimizin g\u00f6n\u00fcll\u00fc katk\u0131lar\u0131, ba\u011f\u0131\u015flar\u0131 ve s\u00fcrekli g\u00f6n\u00fcll\u00fc kat\u0131l\u0131mlar\u0131 ile finanse edilmektedir.<\/p>\n<p style=\"text-align: justify;\">\n<p style=\"text-align: justify;\"><strong>Ekibimiz<\/strong><\/p>\n<p style=\"text-align: justify;\">Zagros Merkezi, her y\u0131l d\u00fczenlenen genel kurulda demokratik olarak se\u00e7ilen bir y\u00fcr\u00fctme komitesinden ve g\u00f6n\u00fcll\u00fc aktivistlerden olu\u015fan \u00e7e\u015fitli alt komitelerden olu\u015fur. Mevcut yap\u0131m\u0131z \u015funlar\u0131 i\u00e7ermektedir:<\/p>\n<p style=\"text-align: justify;\">\n<p style=\"text-align: justify;\">\n<table id=\"tablepress-1\" class=\"tablepress tablepress-id-1\">\n<tbody>\n<tr class=\"row-1\">\n\t<td class=\"column-1\">Ba\u015fkan<\/td><td class=\"column-2\">Bay Mohammad Azad Salawati<\/td><td class=\"column-3\"><img loading=\"lazy\" decoding=\"async\" src=\"https:\/\/www.zagros-centre.org\/tr\/wp-content\/uploads\/2024\/08\/AzadSalawati.jpg\" alt=\"\" width=\"120\" height=\"175\" class=\"alignnone size-medium wp-image-1630\" \/><\/td>\n<\/tr>\n<tr class=\"row-2\">\n\t<td class=\"column-1\">\u0130dari Direkt\u00f6r<\/td><td class=\"column-2\">Bayan Samira Mohamad<\/td><td class=\"column-3\"><img loading=\"lazy\" decoding=\"async\" src=\"https:\/\/www.zagros-centre.org\/tr\/wp-content\/uploads\/2024\/08\/SamiraMohamad.jpg\" alt=\"\" width=\"120\" height=\"175\" class=\"alignnone size-medium wp-image-221\" \/><\/td>\n<\/tr>\n<tr class=\"row-3\">\n\t<td class=\"column-1\">Sayman<\/td><td class=\"column-2\">Bayan Anja OKSALAMPI<\/td><td class=\"column-3\"><img loading=\"lazy\" decoding=\"async\" src=\"https:\/\/www.zagros-centre.org\/tr\/wp-content\/uploads\/2024\/08\/Oksalampi-Anja.jpg\" alt=\"\" width=\"120\" height=\"175\" class=\"alignnone size-medium wp-image-1696\" \/><\/td>\n<\/tr>\n<tr class=\"row-4\">\n\t<td class=\"column-1\">New York Birle\u015fmi\u015f Milletler Temsilcisi<\/td><td class=\"column-2\"><\/td><td class=\"column-3\"><\/td>\n<\/tr>\n<tr class=\"row-5\">\n\t<td class=\"column-1\">Irak ve K\u00fcrdistan B\u00f6lgesel H\u00fck\u00fcmeti Temsilcisi<\/td><td class=\"column-2\">Bay Sarkawt Rajab Haji MZURI<\/td><td class=\"column-3\"><img loading=\"lazy\" decoding=\"async\" src=\"https:\/\/www.zagros-centre.org\/tr\/wp-content\/uploads\/2025\/04\/SarkawtMzuri-805x1024.jpg\" alt=\"\" width=\"120\" height=\"175\" class=\"aligncenter size-large wp-image-114\" \/><\/td>\n<\/tr>\n<tr class=\"row-6\">\n\t<td class=\"column-1\">\u0130ran \u0130nsan Haklar\u0131 Koordinat\u00f6r\u00fc<\/td><td class=\"column-2\"><\/td><td class=\"column-3\"><\/td>\n<\/tr>\n<\/tbody>\n<\/table>\n<!-- #tablepress-1 from cache -->\n","protected":false},"excerpt":{"rendered":"<p>Zagros \u0130nsan Haklar\u0131 Merkezi, 2010 y\u0131l\u0131nda kurulan ve merkezi \u0130svi\u00e7re&#8217;nin Cenevre kentinde bulunan bir sivil toplum kurulu\u015fudur. Temmuz 2021&#8217;den bu yana Birle\u015fmi\u015f Milletler Ekonomik ve Sosyal Konseyi (ECOSOC) nezdinde dan\u0131\u015fman stat\u00fcs\u00fcne sahiptir. Bu stat\u00fc, uluslararas\u0131 d\u00fczeyde insan haklar\u0131n\u0131 savunma kapasitesini g\u00fc\u00e7lendirmi\u015ftir. Misyonumuz Her bireyin \u0130nsan Haklar\u0131 Evrensel Bildirgesi ve di\u011fer uluslararas\u0131 belgelerde yer alan temel &hellip;<\/p>\n","protected":false},"author":1,"featured_media":0,"parent":0,"menu_order":0,"comment_status":"closed","ping_status":"closed","template":"","meta":{"footnotes":""},"class_list":["post-49","page","type-page","status-publish",""],"_links":{"self":[{"href":"https:\/\/www.zagros-centre.org\/tr\/wp-json\/wp\/v2\/pages\/49","targetHints":{"allow":["GET"]}}],"collection":[{"href":"https:\/\/www.zagros-centre.org\/tr\/wp-json\/wp\/v2\/pages"}],"about":[{"href":"https:\/\/www.zagros-centre.org\/tr\/wp-json\/wp\/v2\/types\/page"}],"author":[{"embeddable":true,"href":"https:\/\/www.zagros-centre.org\/tr\/wp-json\/wp\/v2\/users\/1"}],"replies":[{"embeddable":true,"href":"https:\/\/www.zagros-centre.org\/tr\/wp-json\/wp\/v2\/comments?post=49"}],"version-history":[{"count":4,"href":"https:\/\/www.zagros-centre.org\/tr\/wp-json\/wp\/v2\/pages\/49\/revisions"}],"predecessor-version":[{"id":117,"href":"https:\/\/www.zagros-centre.org\/tr\/wp-json\/wp\/v2\/pages\/49\/revisions\/117"}],"wp:attachment":[{"href":"https:\/\/www.zagros-centre.org\/tr\/wp-json\/wp\/v2\/media?parent=49"}],"curies":[{"name":"wp","href":"https:\/\/api.w.org\/{rel}","templated":true}]}}